{"id":25605,"date":"2024-12-20T09:58:34","date_gmt":"2024-12-20T09:58:34","guid":{"rendered":"https:\/\/www.globalafricasciences.org\/series-issues\/the-eca-is-laying-the-foundations-for-an-african-digital-economy-that-drives-innovations\/"},"modified":"2026-04-29T16:25:44","modified_gmt":"2026-04-29T16:25:44","slug":"the-eca-is-laying-the-foundations-for-an-african-digital-economy-that-drives-innovations","status":"publish","type":"series-issues","link":"https:\/\/www.globalafricasciences.org\/fr\/issues\/numero-8\/the-eca-is-laying-the-foundations-for-an-african-digital-economy-that-drives-innovations\/","title":{"rendered":"La CEA b\u00e2tit les bases d\u2019une \u00e9conomie num\u00e9rique africaine cr\u00e9atrice d\u2019innovations"},"content":{"rendered":"\n<p><strong>Ibrahima Kane et Mame-Penda Ba&nbsp;:<\/strong> Cher M.&nbsp;Seck, nous sommes tr\u00e8s heureux de vous accueillir dans le cadre du num\u00e9ro sp\u00e9cial que la revue <em>Global Africa<\/em> consacre \u00e0 l\u2019\u00e9conomie num\u00e9rique en Afrique. C\u2019est un honneur de vous compter parmi nos contributeurs, en qualit\u00e9 d\u2019expert \u0153uvrant au sein des Nations unies. Votre parcours exceptionnel en tant que chercheur avec de nombreuses distinctions, dont la derni\u00e8re en date est le <a href=\"https:\/\/aficta.africa\/latest-news\/762-aficta-presents-dr-mactar-seck-africa-ict-champion-award\">prix ICT<\/a>, renforce encore notre enthousiasme. Pourriez-vous vous pr\u00e9senter \u00e0 nos lecteurs&nbsp;?<\/p>\n\n\n\n<p><strong>Mactar Seck&nbsp;:<\/strong> Merci beaucoup de m\u2019avoir invit\u00e9 \u00e0 cet entretien. Je suis sp\u00e9cialiste des technologies num\u00e9riques et de l\u2019innovation, avec plus de vingt ans d\u2019exp\u00e9rience dans des domaines tels que les t\u00e9l\u00e9communications, les TIC pour le d\u00e9veloppement (ICT4D), l\u2019\u00e9conomie num\u00e9rique, l\u2019identit\u00e9 num\u00e9rique, et les sciences et technologies de l\u2019innovation (STI). Mon travail s\u2019\u00e9tend \u00e0 des secteurs vari\u00e9s, allant de la strat\u00e9gie des politiques num\u00e9riques et des cadres r\u00e9glementaires \u00e0 des technologies avanc\u00e9es comme l\u2019Internet des objets (IOT), les services en nuage, l\u2019intelligence artificielle, les syst\u00e8mes de paiement num\u00e9rique et les infrastructures num\u00e9riques.<\/p>\n\n\n\n<p>Actuellement, je dirige la section Technologie et Innovation de la Commission \u00e9conomique des Nations unies pour l\u2019Afrique (CEA) et je coordonne le Centre d\u2019excellence num\u00e9rique sur l\u2019identit\u00e9 num\u00e9rique, le commerce num\u00e9rique et l\u2019\u00e9conomie num\u00e9rique. \u00c0&nbsp;ce titre, j\u2019ai le privil\u00e8ge d\u2019accompagner plusieurs pays africains ainsi que des organisations internationales et r\u00e9gionales dans la conception, la mise en \u0153uvre et l\u2019\u00e9valuation de leurs politiques et strat\u00e9gies num\u00e9riques pour acc\u00e9l\u00e9rer la r\u00e9alisation des objectifs de d\u00e9veloppement durable (ODD). Je suis \u00e9galement le point focal de la CEA pour le Sommet mondial sur la soci\u00e9t\u00e9 de l\u2019information (SMSI) et le Forum sur la gouvernance de l\u2019Internet.<\/p>\n\n\n\n<p>Avant de rejoindre la CEA, j\u2019ai exerc\u00e9 plusieurs fonctions importantes au S\u00e9n\u00e9gal, notamment comme directeur g\u00e9n\u00e9ral de l\u2019Autorit\u00e9 de r\u00e9gulation des t\u00e9l\u00e9communications, secr\u00e9taire ex\u00e9cutif du Conseil sup\u00e9rieur de l\u2019industrie du S\u00e9n\u00e9gal, et chef de la division des t\u00e9l\u00e9services et de l\u2019innovation \u00e0 Sonatel. En tant que chercheur principal au sein du groupe TDF C2R de France T\u00e9l\u00e9com, j\u2019ai \u00e9galement obtenu un brevet europ\u00e9en sur les syst\u00e8mes de compression de donn\u00e9es et d\u2019images.<\/p>\n\n\n\n<p>En 1996, j\u2019ai eu l\u2019honneur de recevoir le Grand Prix du pr\u00e9sident de la R\u00e9publique du S\u00e9n\u00e9gal pour les Sciences et l\u2019Innovation. Je suis membre de l\u2019Acad\u00e9mie s\u00e9n\u00e9galaise des sciences et techniques.<\/p>\n\n\n\n<p><strong>Ibrahima Kane et Mame-Penda Ba&nbsp;:<\/strong> Pourriez-vous nous pr\u00e9senter en quelques mots la CEA, cette commission des Nations unies d\u00e9di\u00e9e sp\u00e9cifiquement au continent, et nous expliquer comment la CEA soutient l\u2019Afrique dans le domaine du d\u00e9veloppement \u00e9conomique et social&nbsp;?<\/p>\n\n\n\n<p><strong>Mactar Seck&nbsp;:<\/strong> La CEA, la Commission \u00e9conomique des Nations unies pour l\u2019Afrique, fait partie du Secr\u00e9tariat g\u00e9n\u00e9ral des Nations unies. Elle est l\u2019une des cinq commissions r\u00e9gionales des Nations unies, chacune \u00e9tant d\u00e9di\u00e9e \u00e0 un continent. La CEA se concentre sur l\u2019Afrique et son r\u00f4le est de soutenir le d\u00e9veloppement socio-\u00e9conomique des pays.<\/p>\n\n\n\n<p>Nous intervenons dans de nombreux domaines au sein de la commission. Nous abordons des questions li\u00e9es au d\u00e9veloppement \u00e9conomique et social, \u00e0 la macro\u00e9conomie, au num\u00e9rique, un secteur essentiel pour le d\u00e9veloppement comme vous l\u2019avez si justement mentionn\u00e9 dans ce num\u00e9ro. Nous travaillons aussi sur les questions li\u00e9es \u00e0 l\u2019\u00e9ducation, l\u2019int\u00e9gration r\u00e9gionale, aux statistiques, ainsi que sur les enjeux environnementaux et le changement climatique. Nous nous engageons \u00e9galement sur le renforcement des capacit\u00e9s \u00e0 travers <a href=\"https:\/\/knowledge.uneca.org\/idep\/fr\/idep-cea\">l\u2019Institut africain de d\u00e9veloppement \u00e9conomique et de planification<\/a> (IDEP), situ\u00e9 \u00e0 Dakar.<\/p>\n\n\n\n<p>La CEA soutient l\u2019Union africaine, ainsi que ses \u00c9tats membres. En un sens, nous sommes un think tank, car de nombreuses politiques mises en \u0153uvre ou adopt\u00e9es par l\u2019Union africaine sont initi\u00e9es ou fortement soutenues par la CEA. Elle accompagne l\u2019Union africaine dans le d\u00e9veloppement et la mise en \u0153uvre de nombreuses politiques \u00e0 l\u2019\u00e9chelle continentale. Par exemple, nous sommes impliqu\u00e9s dans des initiatives telles que la <a href=\"https:\/\/au.int\/sites\/default\/files\/treaties\/36437-treaty-consolidted_text_on_cfta_-_fr.pdf\">ZLECAf<\/a>, la transformation num\u00e9rique et le commerce.<\/p>\n\n\n\n<p>La CEA est compos\u00e9e de cinq bureaux sous-r\u00e9gionaux, chacun d\u00e9di\u00e9 \u00e0 une r\u00e9gion sp\u00e9cifique du continent africain&nbsp;: en Afrique centrale \u00e0 Yaound\u00e9, en Afrique de l\u2019Ouest \u00e0 Niamey, en Afrique du Nord \u00e0 Rabat, en Afrique australe \u00e0 Lusaka, et en Afrique de l\u2019Est \u00e0 Kigali, au Rwanda. Le si\u00e8ge de la commission se trouve en Ethiopie.<\/p>\n\n\n\n<p><strong>Ibrahima Kane et Mame-Penda Ba&nbsp;:<\/strong> La CEA a une particularit\u00e9 remarquable&nbsp;: elle est l\u2019organisation qui a accueilli, en son si\u00e8ge \u00e0 Addis-Abeba, la premi\u00e8re r\u00e9union ayant conduit \u00e0 la cr\u00e9ation de l\u2019Organisation de l\u2019unit\u00e9 africaine (OUA). Cela t\u00e9moigne des liens \u00e9troits qui unissent les deux institutions, la CEA ayant contribu\u00e9 \u00e0 la naissance m\u00eame de cette organisation en 1963, devenue par la suite l\u2019Union africaine en 2002.<\/p>\n\n\n\n<p><strong>Mactar Seck&nbsp;:<\/strong> Oui, il s\u2019agit d\u2019une union sacr\u00e9e qui perdure depuis des d\u00e9cennies, remontant aux p\u00e8res fondateurs de l\u2019ind\u00e9pendance africaine. R\u00e9cemment, en novembre&nbsp;2024, nous avons inaugur\u00e9 <a href=\"https:\/\/africahall.uneca.org\/\">Africa Hall<\/a>, qui a \u00e9t\u00e9 r\u00e9nov\u00e9. C\u2019est l\u00e0 que les premiers dirigeants africains se sont r\u00e9unis pour fonder l\u2019Union africaine, anciennement l\u2019OUA. Nous avons \u00e9galement eu l\u2019honneur d\u2019organiser, en novembre 2024, une rencontre sur la gouvernance de l\u2019Internet dans cette m\u00eame salle, un \u00e9v\u00e9nement marquant qui nous a permis de raviver la m\u00e9moire de ces moments historiques.<\/p>\n\n\n\n<p><strong>Ibrahima Kane et Mame-Penda Ba&nbsp;:<\/strong> Plus de soixante ans de vie commune, plus de soixante ans d\u2019appui \u00e0 l\u2019Afrique. Aujourd\u2019hui, si vous deviez faire un bilan, dans quels domaines particuliers pourriez-vous dire qu\u2019il y a vraiment eu un progr\u00e8s avec l\u2019Union africaine&nbsp;?<\/p>\n\n\n\n<p><strong>Mactar Seck&nbsp;:<\/strong> Je pense que des progr\u00e8s ont \u00e9t\u00e9 r\u00e9alis\u00e9s dans tous les domaines sociaux et \u00e9conomiques. Si l\u2019on compare avec les ann\u00e9es des ind\u00e9pendances, on observe une croissance notable du PIB dans de nombreux pays africains. Sur le plan \u00e9ducatif, il est \u00e9galement \u00e9vident que le syst\u00e8me s\u2019est consid\u00e9rablement d\u00e9velopp\u00e9 \u00e0 l\u2019\u00e9chelle du continent. Sur les plans \u00e9conomique, social et technologique, des avanc\u00e9es significatives ont \u00e9t\u00e9 enregistr\u00e9es. En ce qui concerne la technologie, qui est mon domaine, je peux affirmer qu\u2019il y a eu des progr\u00e8s notables depuis les ann\u00e9es d\u2019ind\u00e9pendance jusqu\u2019\u00e0 aujourd\u2019hui. Certes des d\u00e9fis subsistent, mais le continent africain continue de progresser sur le plan technologique.<\/p>\n\n\n\n<p><strong>Ibrahima Kane et Mame-Penda Ba&nbsp;:<\/strong> Vous avez parl\u00e9 des technologies. Aujourd\u2019hui, l\u2019Afrique s\u2019engage dans une nouvelle orientation au plan \u00e9conomique. Elle essaie de d\u00e9velopper une \u00e9conomie num\u00e9rique avec notamment la ZLECAf. En quoi ce nouveau cap peut-il r\u00e9ellement contribuer au d\u00e9veloppement \u00e9conomique et social du continent&nbsp;?<\/p>\n\n\n\n<p><strong>Mactar Seck&nbsp;:<\/strong> Tout d\u2019abord, il est important de faire un constat sur le continent africain. En&nbsp;2024, 38&nbsp;% de la population africaine est connect\u00e9e \u00e0 Internet, un progr\u00e8s notable par rapport aux ann\u00e9es&nbsp;2000 o\u00f9 ce taux \u00e9tait seulement de 2,6&nbsp;%. Mais pourquoi le num\u00e9rique est-il essentiel pour l\u2019Afrique&nbsp;?<\/p>\n\n\n\n<p>En 2050, les jeunes Africains de moins de 35&nbsp;ans repr\u00e9senteront 42&nbsp;% de la population mondiale des jeunes. Cela fera de l\u2019Afrique le continent le plus jeune du monde, ce qui constitue un atout majeur. Ce potentiel, combin\u00e9 aux technologies \u00e9mergentes comme l\u2019intelligence artificielle, la nanotechnologie ou la technologie blockchain, place l\u2019Afrique dans une position unique pour jouer un r\u00f4le cl\u00e9 dans l\u2019\u00e9conomie mondiale de demain. Pour exploiter ce potentiel, il est imp\u00e9ratif de former nos jeunes \u00e0 ces nouvelles technologies, en particulier \u00e0 l\u2019intelligence artificielle. Parall\u00e8lement, il est crucial de cr\u00e9er un environnement favorable au d\u00e9veloppement des infrastructures technologiques, en impliquant davantage le secteur priv\u00e9. Les gouvernements, de leur c\u00f4t\u00e9, doivent jouer un r\u00f4le de facilitateur en soutenant les entreprises et en favorisant l\u2019expansion des march\u00e9s.<\/p>\n\n\n\n<p>Ainsi, l\u2019Afrique pourra non seulement tirer profit de ces nouvelles technologies, mais \u00e9galement passer du statut de simple consommateur \u00e0 celui de producteur. C\u2019est une transformation essentielle, car le continent dispose d\u00e9j\u00e0 des atouts n\u00e9cessaires. Par exemple, si l\u2019on observe le dynamisme des industries culturelles, comme Nollywood (l\u2019industrie cin\u00e9matographique nig\u00e9riane), ou celles \u00e9mergentes au Ghana, au Burkina Faso, au S\u00e9n\u00e9gal et au Maroc, il est \u00e9vident que l\u2019Afrique poss\u00e8de un potentiel \u00e9norme. Ces industries, bas\u00e9es sur les technologies de l\u2019information, peuvent jouer un r\u00f4le d\u00e9terminant dans l\u2019acc\u00e9l\u00e9ration du d\u00e9veloppement \u00e9conomique du continent.<\/p>\n\n\n\n<p><strong>Ibrahima Kane et Mame-Penda Ba&nbsp;:<\/strong> Parmi tous les projets que vous venez de mentionner, notamment ceux li\u00e9s aux infrastructures, sur lesquels la CEA travaille-t-elle avec l\u2019Union africaine pour vraiment booster cette \u00e9conomie num\u00e9rique&nbsp;?<\/p>\n\n\n\n<p><strong>Mactar Seck&nbsp;:<\/strong> Nous travaillons sur de nombreux chantiers pour dynamiser l\u2019\u00e9conomie num\u00e9rique en Afrique. D\u2019ici 2025, cette \u00e9conomie num\u00e9rique devrait repr\u00e9senter 180&nbsp;milliards de dollars pour le continent, une opportunit\u00e9 consid\u00e9rable. Plusieurs d\u00e9fis doivent \u00eatre relev\u00e9s, et la CEA travaille activement sur ces fronts, en collaboration avec l\u2019Union africaine et les \u00c9tats membres. Toutefois, pour atteindre cet objectif, certains pr\u00e9alables sont indispensables.<\/p>\n\n\n\n<p>Le premier enjeu est celui de la connectivit\u00e9. Aujourd\u2019hui, seulement 38&nbsp;% de la population africaine est connect\u00e9e \u00e0 Internet, un chiffre qui tombe \u00e0 25&nbsp;% dans les zones rurales. \u00c0&nbsp;cela s\u2019ajoute un \u00e9cart notable de 13&nbsp;points entre les hommes et les femmes en mati\u00e8re d\u2019acc\u00e8s \u00e0 Internet. Ces in\u00e9galit\u00e9s freinent le d\u00e9veloppement de l\u2019\u00e9conomie num\u00e9rique. Pour y rem\u00e9dier, la CEA met en avant des politiques favorisant l\u2019investissement du secteur priv\u00e9 dans les infrastructures, tout en encourageant l\u2019utilisation de technologies adapt\u00e9es aux r\u00e9alit\u00e9s du continent.<\/p>\n\n\n\n<p>Un autre chantier essentiel est l\u2019harmonisation des politiques \u00e0 l\u2019\u00e9chelle r\u00e9gionale et continentale. L\u2019int\u00e9gration \u00e9conomique, notamment avec la mise en \u0153uvre de la ZLECAf, n\u00e9cessite des cadres r\u00e9glementaires coh\u00e9rents. L\u2019objectif est de transformer le continent en un espace num\u00e9rique unifi\u00e9, pr\u00eat \u00e0 s\u2019imposer sur la sc\u00e8ne mondiale.<\/p>\n\n\n\n<p>La s\u00e9curit\u00e9 des r\u00e9seaux est \u00e9galement au c\u0153ur des priorit\u00e9s. La cybercriminalit\u00e9 repr\u00e9sente 10&nbsp;% du PIB africain. C\u2019est un enjeu sur lequel il est crucial de porter une attention particuli\u00e8re. En effet, sans une mise en place des outils ad\u00e9quats et une politique de renforcement des capacit\u00e9s, ainsi que des mesures efficaces pour lutter contre ce fl\u00e9au, tous les investissements r\u00e9alis\u00e9s pour le d\u00e9veloppement du num\u00e9rique en Afrique risquent de devenir inutiles \u00e0 cause de la cybercriminalit\u00e9. C\u2019est une menace qui d\u00e9passe la simple violation de donn\u00e9es personnelles. Elle touche \u00e0 la souverainet\u00e9 des \u00c9tats, au terrorisme et \u00e0 la stabilit\u00e9 des nations. Pour contrer ces risques, la CEA, avec l\u2019appui de l\u2019Union africaine et ses pays membres ainsi que celui de ses partenaires, d\u00e9veloppe des strat\u00e9gies robustes, renforce les capacit\u00e9s locales et met en place des infrastructures telles que le Centre africain de cybers\u00e9curit\u00e9 au Togo.<\/p>\n\n\n\n<p>Parall\u00e8lement, la formation et l\u2019innovation sont des leviers essentiels pour pr\u00e9parer l\u2019avenir. Avec 42&nbsp;% de jeunes Africains d\u2019ici 2050 dans la population mondiale, le continent dispose d\u2019un vivier exceptionnel de talents. La CEA plaide pour un acc\u00e8s accru \u00e0 la formation aux nouvelles technologies et pour la promotion de l\u2019innovation. Toutefois, elle souligne qu\u2019il faut \u00e9viter une r\u00e9gulation trop stricte qui pourrait freiner l\u2019\u00e9mergence de solutions novatrices, notamment dans des domaines comme l\u2019intelligence artificielle, la nanotechnologie ou la biotechnologie.<\/p>\n\n\n\n<p>La question des donn\u00e9es est \u00e9galement importante. En effet, les donn\u00e9es repr\u00e9sentent maintenant le \u00ab&nbsp;nouveau p\u00e9trole&nbsp;\u00bb et constituent un autre axe strat\u00e9gique. Une gestion efficace de ces donn\u00e9es peut g\u00e9n\u00e9rer de la valeur ajout\u00e9e et des emplois, tout en assurant la souverainet\u00e9 num\u00e9rique du continent.<\/p>\n\n\n\n<p>Enfin, la CEA travaille \u00e0 rendre cette transition num\u00e9rique inclusive. Qu\u2019il s\u2019agisse des habitants des zones rurales, des femmes ou des personnes en situation de handicap, chacun doit pouvoir participer \u00e0 cette r\u00e9volution. L\u2019acc\u00e8s universel \u00e0 Internet, consid\u00e9r\u00e9 comme un droit fondamental, est un objectif cl\u00e9.<\/p>\n\n\n\n<p>\u00c0 travers ces initiatives, la CEA, en partenariat avec l\u2019Union africaine et les gouvernements africains, b\u00e2tit les bases d\u2019une \u00e9conomie num\u00e9rique qui ne se contentera pas de consommer des innovations, mais en deviendra un acteur central. L\u2019Afrique, forte de son dynamisme et de son potentiel, a tout pour jouer un r\u00f4le d\u00e9terminant dans l\u2019\u00e9conomie num\u00e9rique mondiale.<\/p>\n\n\n\n<p><strong>Ibrahima Kane et Mame-Penda Ba&nbsp;:<\/strong> Dans vos propos pr\u00e9c\u00e9dents, vous avez mentionn\u00e9 \u00e0 deux reprises un terme cl\u00e9, celui de la souverainet\u00e9. Pensez-vous que les \u00c9tats africains peuvent vraiment revendiquer une certaine souverainet\u00e9 lorsqu\u2019ils ne sont pas capables de produire les infrastructures qui sont au c\u0153ur de cette \u00e9conomie num\u00e9rique&nbsp;? Vous avez parl\u00e9 de beaucoup de choses pour lesquelles nous sommes toujours d\u00e9faillants, alors, comment pouvons-nous aspirer \u00e0 la souverainet\u00e9 si nos \u00c9tats demeurent inefficients&nbsp;?<\/p>\n\n\n\n<p><strong>Mactar Seck&nbsp;:<\/strong> Vous soulevez un point crucial. Comment pouvons-nous aspirer \u00e0 une souverainet\u00e9 num\u00e9rique lorsque, actuellement, l\u2019Afrique ne repr\u00e9sente que 0,1&nbsp;% des plateformes mondiales&nbsp;? Comment revendiquer une souverainet\u00e9 num\u00e9rique quand l\u2019Afrique repr\u00e9sente moins de 1&nbsp;% des recherches dans le domaine des technologies&nbsp;? Il est certain qu\u2019il faut commencer quelque part. Aujourd\u2019hui, je pense qu\u2019il existe une prise de conscience parmi tous les \u00c9tats africains, qu\u2019il est imp\u00e9ratif d\u2019atteindre cette souverainet\u00e9 num\u00e9rique pour pouvoir exister dans le monde de demain. Ce monde est d\u00e9j\u00e0 en train de se construire, et il est r\u00e9solument num\u00e9rique. Dans toutes les activit\u00e9s d\u2019aujourd\u2019hui, le num\u00e9rique est d\u00e9sormais int\u00e9gr\u00e9. Il est donc essentiel de prendre cela en compte.<\/p>\n\n\n\n<p>Je suis heureux de vous dire que les pays africains en sont pleinement conscients. Nous les soutenons dans des domaines cl\u00e9s tels que la formation, le renforcement des capacit\u00e9s, la propri\u00e9t\u00e9 intellectuelle \u2013&nbsp;qui est fondamentale pour stimuler la recherche et l\u2019innovation&nbsp;\u2013, ainsi que dans l\u2019\u00e9laboration des cadres et des outils r\u00e9glementaires n\u00e9cessaires pour se prot\u00e9ger \u00e0 l\u2019\u00e9chelle nationale, continentale et mondiale. Ce n\u2019est pas un processus qui se r\u00e9alisera du jour au lendemain, mais ce qui est important, c\u2019est qu\u2019il y a une v\u00e9ritable prise de conscience et de nombreuses initiatives en cours dans plusieurs pays africains. Je suis convaincu qu\u2019avant 2030, \u00e0 la fin des objectifs de d\u00e9veloppement durable, l\u2019Afrique sera en mesure de revendiquer sa souverainet\u00e9 num\u00e9rique.<\/p>\n\n\n\n<p><strong>Ibrahima Kane et Mame-Penda Ba&nbsp;:<\/strong> Vous dites vous-m\u00eame que dans cette qu\u00eate de souverainet\u00e9, la recherche a une place importante. Quelles actions la CEA m\u00e8ne-t-elle pour appuyer l\u2019universit\u00e9 africaine dans le domaine du d\u00e9veloppement des technologies et de l\u2019\u00e9conomie num\u00e9rique&nbsp;?<\/p>\n\n\n\n<p><strong>Mactar Seck&nbsp;:<\/strong> Dans le domaine de l\u2019\u00e9conomie num\u00e9rique, nous d\u00e9ployons de nombreuses initiatives pour soutenir les universit\u00e9s. Nous avons cr\u00e9\u00e9 une <a href=\"https:\/\/uneca.org\/fr\/stories\/la-cea-densifie-son-alliance-avec-les-universit%C3%A9s-pour-la-consolidation-des-messages-de-la\">alliance des universit\u00e9s africaines<\/a>, une plateforme d\u2019\u00e9changes visant \u00e0 favoriser le partage de connaissances sur les avanc\u00e9es technologiques et les outils les plus r\u00e9cents dans ce domaine. Nous avons \u00e9galement lanc\u00e9 un concept appel\u00e9 \u00ab&nbsp;<a href=\"https:\/\/www.uneca.org\/fr\/stories\/la-cea-lance-l%E2%80%99initiative-origin-pour-la-r%C3%A9gion-de-l%E2%80%99afrique-de-l%E2%80%99est\">Origin<\/a>&nbsp;\u00bb, qui consiste \u00e0 r\u00e9soudre les probl\u00e8mes africains par des solutions africaines. Ce concept est en cours de promotion dans plusieurs universit\u00e9s et pays.<\/p>\n\n\n\n<p>Concernant la recherche, bien que ce soit principalement le domaine de l\u2019Unesco, nous collaborons \u00e9galement avec certaines universit\u00e9s. Il y a deux ans, nous avons \u00e9tabli le <a href=\"https:\/\/www.uneca.org\/fr\/stories\/la-cea-s%E2%80%99appr%C3%AAte-%C3%A0-lancer-le-premier-centre-de-recherche-sur-l%E2%80%99ia-en-afrique-%C3%A0-brazzaville%2C\">Centre africain de recherche sur l\u2019intelligence artificielle<\/a>, situ\u00e9 au Congo, afin de d\u00e9velopper les capacit\u00e9s intellectuelles du continent dans divers secteurs tels que l\u2019agriculture, la sant\u00e9, l\u2019\u00e9conomie, l\u2019environnement, et bien d\u2019autres. Par ailleurs, nous sommes en train de cr\u00e9er le <a href=\"https:\/\/uneca.org\/fr\/node\/7978\">Steam Center<\/a> \u00e0 Kigali, au Rwanda, pour fournir \u00e0 la jeune g\u00e9n\u00e9ration les outils n\u00e9cessaires pour \u00eatre pr\u00eate \u00e0 relever les d\u00e9fis de demain.<\/p>\n\n\n\n<p><strong>Ibrahima Kane et Mame-Penda Ba&nbsp;:<\/strong> Et dans ce processus, quelle place occupent les communaut\u00e9s \u00e9conomiques r\u00e9gionales (CER) dans vos programmes&nbsp;?<\/p>\n\n\n\n<p><strong>Mactar Seck&nbsp;:<\/strong> Les CER ont \u00e9t\u00e9 cr\u00e9\u00e9es par la CEA, et nous veillons \u00e0 les inclure dans toutes nos initiatives. Il est essentiel d\u2019adopter une approche qui soit \u00e0 la fois nationale, sous-r\u00e9gionale et continentale. C\u2019est au niveau sous-r\u00e9gional que les CER jouent un r\u00f4le cl\u00e9, avant de passer \u00e0 une d\u00e9marche continentale. Nous collaborons \u00e9troitement avec l\u2019ensemble des communaut\u00e9s r\u00e9gionales \u00e0 travers le continent. Dans le secteur des technologies, par exemple, nous travaillons avec elles sur des questions d\u2019harmonisation des politiques, en mati\u00e8re de technologie, de sciences et d\u2019innovation. Les CER repr\u00e9sentent un cadre tr\u00e8s important pour le d\u00e9veloppement du continent.<\/p>\n\n\n\n<p><strong>Ibrahima Kane et Mame-Penda Ba&nbsp;:<\/strong> L\u2019Union africaine a lanc\u00e9 la ZLECAf dans le cadre de l\u2019Agenda&nbsp;2063. Si vous deviez en faire une \u00e9valuation \u00e0 ce stade et analyser la trajectoire qu\u2019elle suit, pensez-vous que nous sommes sur la bonne voie&nbsp;? Selon vous, cette nouvelle approche \u00e9conomique de l\u2019Union africaine peut-elle r\u00e9ellement aider les \u00c9tats africains \u00e0 surmonter leurs d\u00e9fis \u00e9conomiques&nbsp;?<\/p>\n\n\n\n<p><strong>Mactar Seck&nbsp;:<\/strong> La CEA a largement contribu\u00e9 \u00e0 la mise en place de la ZLECAf, qui repr\u00e9sente une approche tr\u00e8s positive pour l\u2019\u00e9conomie africaine et l\u2019int\u00e9gration r\u00e9gionale du continent. Il est vrai que le d\u00e9marrage a \u00e9t\u00e9 un peu difficile, mais aujourd\u2019hui, je pense que la ZLECAf va dans le bon sens. Davantage de pays y adh\u00e8rent, et de nombreuses initiatives sont en cours autour de cette zone. La CEA joue \u00e9galement un r\u00f4le cl\u00e9 dans son d\u00e9veloppement. Par exemple, pendant la pand\u00e9mie de Covid-19, nous avons cr\u00e9\u00e9 une plateforme pour permettre aux \u00c9tats africains d\u2019acheter directement des masques, des ventilateurs et des vaccins, afin de lutter contre la crise sanitaire. En parall\u00e8le, nous avons mis en place une plateforme \u00e9conomique au sein de la ZLECAf qui facilite les \u00e9changes commerciaux entre les pays africains. Cette plateforme a, par exemple, fourni des engrais \u00e0 plusieurs pays africains durant la crise li\u00e9e \u00e0 la guerre en Ukraine. Ces actions montrent que la ZLECAf fonctionne bien, et bien que son d\u00e9marrage ait \u00e9t\u00e9 lent, tous les pays africains prennent d\u00e9sormais conscience de son importance. Je suis donc tr\u00e8s optimiste quant \u00e0 l\u2019avenir de la ZLECAf et je suis convaincu qu\u2019elle sera un outil crucial pour l\u2019int\u00e9gration du commerce en Afrique d\u2019ici 2030 et 2050.<\/p>\n\n\n\n<p><strong>Ibrahima Kane et Mame-Penda Ba&nbsp;:<\/strong> L\u2019Union africaine suit une nouvelle trajectoire pour offrir des solutions adapt\u00e9es aux jeunes Africains que vous avez mentionn\u00e9es pr\u00e9c\u00e9demment. Dans ce contexte, qu\u2019en est-il de la CEA&nbsp;? Puisqu\u2019elle a adopt\u00e9 une strat\u00e9gie renouvel\u00e9e, avec de nouvelles m\u00e9thodes de travail et approches, quelles sont les nouvelles initiatives de la CEA pour accompagner cette transformation&nbsp;?<\/p>\n\n\n\n<p><strong>Mactar Seck&nbsp;:<\/strong> Je pense que la CEA est engag\u00e9e depuis plusieurs ann\u00e9es dans une dynamique de transformation structurelle du continent. R\u00e9cemment, de nombreuses initiatives ont \u00e9t\u00e9 mises en place dans ce sens. Vous avez pu constater que la CEA concentre d\u00e9sormais beaucoup de ses efforts sur des domaines cl\u00e9s tels que la technologie, la formation des jeunes, le renforcement des capacit\u00e9s, la promotion de l\u2019innovation et l\u2019accompagnement de l\u2019Afrique dans l\u2019\u00e9largissement de son processus \u00e9conomique. Nous menons \u00e9galement des \u00e9tudes sur la fiscalit\u00e9, en particulier sur la fa\u00e7on d\u2019utiliser la taxation num\u00e9rique pour am\u00e9liorer la collecte des revenus et cr\u00e9er davantage d\u2019emplois pour les jeunes. La CEA est donc pleinement impliqu\u00e9e dans cette dynamique et continuera \u00e0 soutenir l\u2019Union africaine dans la mise en \u0153uvre de sa nouvelle politique.<\/p>\n\n\n\n<p><strong>Ibrahima Kane et Mame-Penda Ba&nbsp;:<\/strong> Tout cela va-t-il changer les rapports \u00e9conomiques internationaux \u00e0 l\u2019\u00e9chelle mondiale&nbsp;?<\/p>\n\n\n\n<p><strong>Mactar Seck&nbsp;:<\/strong> Oui, cela va changer, incha\u2019Allah. L\u2019avantage de l\u2019Afrique r\u00e9side dans son dividende d\u00e9mographique. Ce potentiel peut \u00eatre pleinement exploit\u00e9, mais cela n\u00e9cessite une condition fondamentale&nbsp;: la formation de nos jeunes. Il est aussi crucial de mettre en place des politiques attractives au niveau national, sous-r\u00e9gional et continental, qui favorisent le d\u00e9veloppement et l\u2019investissement du secteur priv\u00e9 dans tous les domaines \u00e9conomiques. Il faut \u00e9galement faciliter l\u2019acc\u00e8s des entreprises priv\u00e9es africaines aux march\u00e9s \u00e0 travers le continent. Si nous parvenons \u00e0 r\u00e9aliser cela \u00e0 tous ces niveaux, l\u2019Afrique jouera un r\u00f4le cl\u00e9 dans le monde de demain.<\/p>\n","protected":false},"author":3,"featured_media":9643,"template":"","meta":[],"series-categories":[1346],"cat-articles":[1381],"keywords":[],"ppma_author":[435,441,422],"class_list":["post-25605","series-issues","type-series-issues","status-publish","has-post-thumbnail","hentry","series-categories-numero-8","cat-articles-reverse-shot","author-mactar-seck-fr","author-ibrahima-kane-fr","author-mame-penda-ba-fr"],"yoast_head":"<!-- This site is optimized with the Yoast SEO plugin v27.5 - https:\/\/yoast.com\/product\/yoast-seo-wordpress\/ -->\n<title>La CEA b\u00e2tit les bases d\u2019une \u00e9conomie num\u00e9rique africaine cr\u00e9atrice d\u2019innovations | Global Africa<\/title>\n<meta name=\"robots\" content=\"index, follow, max-snippet:-1, max-image-preview:large, max-video-preview:-1\" \/>\n<link rel=\"canonical\" href=\"https:\/\/www.globalafricasciences.org\/fr\/issues\/numero-8\/the-eca-is-laying-the-foundations-for-an-african-digital-economy-that-drives-innovations\/\" \/>\n<meta property=\"og:locale\" content=\"fr_FR\" \/>\n<meta property=\"og:type\" content=\"article\" \/>\n<meta property=\"og:title\" content=\"La CEA b\u00e2tit les bases d\u2019une \u00e9conomie num\u00e9rique africaine cr\u00e9atrice d\u2019innovations | Global Africa\" \/>\n<meta property=\"og:description\" content=\"Ibrahima Kane et Mame-Penda Ba&nbsp;: Cher M.&nbsp;Seck, nous sommes tr\u00e8s heureux de vous accueillir dans le cadre du num\u00e9ro sp\u00e9cial que la revue Global Africa consacre \u00e0 l\u2019\u00e9conomie num\u00e9rique en Afrique. C\u2019est un honneur de vous compter parmi nos contributeurs, en qualit\u00e9 d\u2019expert \u0153uvrant au sein des Nations unies. Votre parcours exceptionnel en tant que chercheur avec de nombreuses distinctions, dont la derni\u00e8re en date est le prix ICT, renforce encore notre enthousiasme. Pourriez-vous vous pr\u00e9senter \u00e0 nos lecteurs&nbsp;? Mactar Seck&nbsp;: Merci beaucoup de m\u2019avoir invit\u00e9 \u00e0 cet entretien. Je suis sp\u00e9cialiste des technologies num\u00e9riques et de l\u2019innovation, avec plus de vingt ans d\u2019exp\u00e9rience dans des domaines tels que les t\u00e9l\u00e9communications, les TIC pour le d\u00e9veloppement (ICT4D), l\u2019\u00e9conomie num\u00e9rique, l\u2019identit\u00e9 num\u00e9rique, et les sciences et technologies de l\u2019innovation (STI). Mon travail s\u2019\u00e9tend \u00e0 des secteurs vari\u00e9s, allant de la strat\u00e9gie des politiques num\u00e9riques et des cadres r\u00e9glementaires \u00e0 des technologies avanc\u00e9es comme l\u2019Internet des objets (IOT), les services en nuage, l\u2019intelligence artificielle, les syst\u00e8mes de paiement num\u00e9rique et les infrastructures num\u00e9riques. Actuellement, je dirige la section Technologie et Innovation de la Commission \u00e9conomique des Nations unies pour l\u2019Afrique (CEA) et je coordonne le Centre d\u2019excellence num\u00e9rique sur l\u2019identit\u00e9 num\u00e9rique, le commerce num\u00e9rique et l\u2019\u00e9conomie num\u00e9rique. \u00c0&nbsp;ce titre, j\u2019ai le privil\u00e8ge d\u2019accompagner plusieurs pays africains ainsi que des organisations internationales et r\u00e9gionales dans la conception, la mise en \u0153uvre et l\u2019\u00e9valuation de leurs politiques et strat\u00e9gies num\u00e9riques pour acc\u00e9l\u00e9rer la r\u00e9alisation des objectifs de d\u00e9veloppement durable (ODD). Je suis \u00e9galement le point focal de la CEA pour le Sommet mondial sur la soci\u00e9t\u00e9 de l\u2019information (SMSI) et le Forum sur la gouvernance de l\u2019Internet. Avant de rejoindre la CEA, j\u2019ai exerc\u00e9 plusieurs fonctions importantes au S\u00e9n\u00e9gal, notamment comme directeur g\u00e9n\u00e9ral de l\u2019Autorit\u00e9 de r\u00e9gulation des t\u00e9l\u00e9communications, secr\u00e9taire ex\u00e9cutif du Conseil sup\u00e9rieur de l\u2019industrie du S\u00e9n\u00e9gal, et chef de la division des t\u00e9l\u00e9services et de l\u2019innovation \u00e0 Sonatel. En tant que chercheur principal au sein du groupe TDF C2R de France T\u00e9l\u00e9com, j\u2019ai \u00e9galement obtenu un brevet europ\u00e9en sur les syst\u00e8mes de compression de donn\u00e9es et d\u2019images. En 1996, j\u2019ai eu l\u2019honneur de recevoir le Grand Prix du pr\u00e9sident de la R\u00e9publique du S\u00e9n\u00e9gal pour les Sciences et l\u2019Innovation. Je suis membre de l\u2019Acad\u00e9mie s\u00e9n\u00e9galaise des sciences et techniques. Ibrahima Kane et Mame-Penda Ba&nbsp;: Pourriez-vous nous pr\u00e9senter en quelques mots la CEA, cette commission des Nations unies d\u00e9di\u00e9e sp\u00e9cifiquement au continent, et nous expliquer comment la CEA soutient l\u2019Afrique dans le domaine du d\u00e9veloppement \u00e9conomique et social&nbsp;? Mactar Seck&nbsp;: La CEA, la Commission \u00e9conomique des Nations unies pour l\u2019Afrique, fait partie du Secr\u00e9tariat g\u00e9n\u00e9ral des Nations unies. Elle est l\u2019une des cinq commissions r\u00e9gionales des Nations unies, chacune \u00e9tant d\u00e9di\u00e9e \u00e0 un continent. La CEA se concentre sur l\u2019Afrique et son r\u00f4le est de soutenir le d\u00e9veloppement socio-\u00e9conomique des pays. Nous intervenons dans de nombreux domaines au sein de la commission. Nous abordons des questions li\u00e9es au d\u00e9veloppement \u00e9conomique et social, \u00e0 la macro\u00e9conomie, au num\u00e9rique, un secteur essentiel pour le d\u00e9veloppement comme vous l\u2019avez si justement mentionn\u00e9 dans ce num\u00e9ro. Nous travaillons aussi sur les questions li\u00e9es \u00e0 l\u2019\u00e9ducation, l\u2019int\u00e9gration r\u00e9gionale, aux statistiques, ainsi que sur les enjeux environnementaux et le changement climatique. Nous nous engageons \u00e9galement sur le renforcement des capacit\u00e9s \u00e0 travers l\u2019Institut africain de d\u00e9veloppement \u00e9conomique et de planification (IDEP), situ\u00e9 \u00e0 Dakar. La CEA soutient l\u2019Union africaine, ainsi que ses \u00c9tats membres. En un sens, nous sommes un think tank, car de nombreuses politiques mises en \u0153uvre ou adopt\u00e9es par l\u2019Union africaine sont initi\u00e9es ou fortement soutenues par la CEA. Elle accompagne l\u2019Union africaine dans le d\u00e9veloppement et la mise en \u0153uvre de nombreuses politiques \u00e0 l\u2019\u00e9chelle continentale. Par exemple, nous sommes impliqu\u00e9s dans des initiatives telles que la ZLECAf, la transformation num\u00e9rique et le commerce. La CEA est compos\u00e9e de cinq bureaux sous-r\u00e9gionaux, chacun d\u00e9di\u00e9 \u00e0 une r\u00e9gion sp\u00e9cifique du continent africain&nbsp;: en Afrique centrale \u00e0 Yaound\u00e9, en Afrique de l\u2019Ouest \u00e0 Niamey, en Afrique du Nord \u00e0 Rabat, en Afrique australe \u00e0 Lusaka, et en Afrique de l\u2019Est \u00e0 Kigali, au Rwanda. Le si\u00e8ge de la commission se trouve en Ethiopie. Ibrahima Kane et Mame-Penda Ba&nbsp;: La CEA a une particularit\u00e9 remarquable&nbsp;: elle est l\u2019organisation qui a accueilli, en son si\u00e8ge \u00e0 Addis-Abeba, la premi\u00e8re r\u00e9union ayant conduit \u00e0 la cr\u00e9ation de l\u2019Organisation de l\u2019unit\u00e9 africaine (OUA). Cela t\u00e9moigne des liens \u00e9troits qui unissent les deux institutions, la CEA ayant contribu\u00e9 \u00e0 la naissance m\u00eame de cette organisation en 1963, devenue par la suite l\u2019Union africaine en 2002. Mactar Seck&nbsp;: Oui, il s\u2019agit d\u2019une union sacr\u00e9e qui perdure depuis des d\u00e9cennies, remontant aux p\u00e8res fondateurs de l\u2019ind\u00e9pendance africaine. R\u00e9cemment, en novembre&nbsp;2024, nous avons inaugur\u00e9 Africa Hall, qui a \u00e9t\u00e9 r\u00e9nov\u00e9. C\u2019est l\u00e0 que les premiers dirigeants africains se sont r\u00e9unis pour fonder l\u2019Union africaine, anciennement l\u2019OUA. Nous avons \u00e9galement eu l\u2019honneur d\u2019organiser, en novembre 2024, une rencontre sur la gouvernance de l\u2019Internet dans cette m\u00eame salle, un \u00e9v\u00e9nement marquant qui nous a permis de raviver la m\u00e9moire de ces moments historiques. Ibrahima Kane et Mame-Penda Ba&nbsp;: Plus de soixante ans de vie commune, plus de soixante ans d\u2019appui \u00e0 l\u2019Afrique. Aujourd\u2019hui, si vous deviez faire un bilan, dans quels domaines particuliers pourriez-vous dire qu\u2019il y a vraiment eu un progr\u00e8s avec l\u2019Union africaine&nbsp;? Mactar Seck&nbsp;: Je pense que des progr\u00e8s ont \u00e9t\u00e9 r\u00e9alis\u00e9s dans tous les domaines sociaux et \u00e9conomiques. Si l\u2019on compare avec les ann\u00e9es des ind\u00e9pendances, on observe une croissance notable du PIB dans de nombreux pays africains. Sur le plan \u00e9ducatif, il est \u00e9galement \u00e9vident que le syst\u00e8me s\u2019est consid\u00e9rablement d\u00e9velopp\u00e9 \u00e0 l\u2019\u00e9chelle du continent. Sur les plans \u00e9conomique, social et technologique, des avanc\u00e9es significatives ont \u00e9t\u00e9 enregistr\u00e9es. En ce qui concerne la technologie, qui est mon domaine, je peux affirmer qu\u2019il y a eu des progr\u00e8s notables depuis les ann\u00e9es d\u2019ind\u00e9pendance jusqu\u2019\u00e0 aujourd\u2019hui. Certes des d\u00e9fis subsistent, mais le continent africain continue de progresser sur le plan technologique. Ibrahima Kane et Mame-Penda Ba&nbsp;: Vous avez parl\u00e9 des technologies. Aujourd\u2019hui, l\u2019Afrique\" \/>\n<meta property=\"og:url\" content=\"https:\/\/www.globalafricasciences.org\/fr\/issues\/numero-8\/the-eca-is-laying-the-foundations-for-an-african-digital-economy-that-drives-innovations\/\" \/>\n<meta property=\"og:site_name\" content=\"Global Africa\" \/>\n<meta property=\"article:publisher\" content=\"https:\/\/www.facebook.com\/globalafricasciences\" \/>\n<meta property=\"article:modified_time\" content=\"2026-04-29T16:25:44+00:00\" \/>\n<meta property=\"og:image\" content=\"https:\/\/www.globalafricasciences.org\/wp-content\/uploads\/2025\/03\/La-CEA-.webp\" \/>\n\t<meta property=\"og:image:width\" content=\"597\" \/>\n\t<meta property=\"og:image:height\" content=\"843\" \/>\n\t<meta property=\"og:image:type\" content=\"image\/png\" \/>\n<meta name=\"twitter:card\" content=\"summary_large_image\" \/>\n<meta name=\"twitter:label1\" content=\"Dur\u00e9e de lecture estim\u00e9e\" \/>\n\t<meta name=\"twitter:data1\" content=\"17 minutes\" \/>\n<script type=\"application\/ld+json\" class=\"yoast-schema-graph\">{\"@context\":\"https:\\\/\\\/schema.org\",\"@graph\":[{\"@type\":\"WebPage\",\"@id\":\"https:\\\/\\\/www.globalafricasciences.org\\\/fr\\\/issues\\\/numero-8\\\/the-eca-is-laying-the-foundations-for-an-african-digital-economy-that-drives-innovations\\\/\",\"url\":\"https:\\\/\\\/www.globalafricasciences.org\\\/fr\\\/issues\\\/numero-8\\\/the-eca-is-laying-the-foundations-for-an-african-digital-economy-that-drives-innovations\\\/\",\"name\":\"La CEA b\u00e2tit les bases d\u2019une \u00e9conomie num\u00e9rique africaine cr\u00e9atrice d\u2019innovations | Global Africa\",\"isPartOf\":{\"@id\":\"https:\\\/\\\/www.globalafricasciences.org\\\/fr\\\/#website\"},\"primaryImageOfPage\":{\"@id\":\"https:\\\/\\\/www.globalafricasciences.org\\\/fr\\\/issues\\\/numero-8\\\/the-eca-is-laying-the-foundations-for-an-african-digital-economy-that-drives-innovations\\\/#primaryimage\"},\"image\":{\"@id\":\"https:\\\/\\\/www.globalafricasciences.org\\\/fr\\\/issues\\\/numero-8\\\/the-eca-is-laying-the-foundations-for-an-african-digital-economy-that-drives-innovations\\\/#primaryimage\"},\"thumbnailUrl\":\"https:\\\/\\\/www.globalafricasciences.org\\\/wp-content\\\/uploads\\\/2025\\\/03\\\/La-CEA-.webp\",\"datePublished\":\"2024-12-20T09:58:34+00:00\",\"dateModified\":\"2026-04-29T16:25:44+00:00\",\"breadcrumb\":{\"@id\":\"https:\\\/\\\/www.globalafricasciences.org\\\/fr\\\/issues\\\/numero-8\\\/the-eca-is-laying-the-foundations-for-an-african-digital-economy-that-drives-innovations\\\/#breadcrumb\"},\"inLanguage\":\"fr-FR\",\"potentialAction\":[{\"@type\":\"ReadAction\",\"target\":[\"https:\\\/\\\/www.globalafricasciences.org\\\/fr\\\/issues\\\/numero-8\\\/the-eca-is-laying-the-foundations-for-an-african-digital-economy-that-drives-innovations\\\/\"]}]},{\"@type\":\"ImageObject\",\"inLanguage\":\"fr-FR\",\"@id\":\"https:\\\/\\\/www.globalafricasciences.org\\\/fr\\\/issues\\\/numero-8\\\/the-eca-is-laying-the-foundations-for-an-african-digital-economy-that-drives-innovations\\\/#primaryimage\",\"url\":\"https:\\\/\\\/www.globalafricasciences.org\\\/wp-content\\\/uploads\\\/2025\\\/03\\\/La-CEA-.webp\",\"contentUrl\":\"https:\\\/\\\/www.globalafricasciences.org\\\/wp-content\\\/uploads\\\/2025\\\/03\\\/La-CEA-.webp\",\"width\":597,\"height\":843},{\"@type\":\"BreadcrumbList\",\"@id\":\"https:\\\/\\\/www.globalafricasciences.org\\\/fr\\\/issues\\\/numero-8\\\/the-eca-is-laying-the-foundations-for-an-african-digital-economy-that-drives-innovations\\\/#breadcrumb\",\"itemListElement\":[{\"@type\":\"ListItem\",\"position\":1,\"name\":\"Home\",\"item\":\"https:\\\/\\\/www.globalafricasciences.org\\\/fr\\\/accueil\\\/\"},{\"@type\":\"ListItem\",\"position\":2,\"name\":\"Series issues\",\"item\":\"https:\\\/\\\/www.globalafricasciences.org\\\/fr\\\/series-issues\\\/\"},{\"@type\":\"ListItem\",\"position\":3,\"name\":\"La CEA b\u00e2tit les bases d\u2019une \u00e9conomie num\u00e9rique africaine cr\u00e9atrice d\u2019innovations\"}]},{\"@type\":\"WebSite\",\"@id\":\"https:\\\/\\\/www.globalafricasciences.org\\\/fr\\\/#website\",\"url\":\"https:\\\/\\\/www.globalafricasciences.org\\\/fr\\\/\",\"name\":\"Global Africa\",\"description\":\"Pan-African Scientific Journal\",\"publisher\":{\"@id\":\"https:\\\/\\\/www.globalafricasciences.org\\\/fr\\\/#organization\"},\"potentialAction\":[{\"@type\":\"SearchAction\",\"target\":{\"@type\":\"EntryPoint\",\"urlTemplate\":\"https:\\\/\\\/www.globalafricasciences.org\\\/fr\\\/?s={search_term_string}\"},\"query-input\":{\"@type\":\"PropertyValueSpecification\",\"valueRequired\":true,\"valueName\":\"search_term_string\"}}],\"inLanguage\":\"fr-FR\"},{\"@type\":\"Organization\",\"@id\":\"https:\\\/\\\/www.globalafricasciences.org\\\/fr\\\/#organization\",\"name\":\"Global Africa\",\"url\":\"https:\\\/\\\/www.globalafricasciences.org\\\/fr\\\/\",\"logo\":{\"@type\":\"ImageObject\",\"inLanguage\":\"fr-FR\",\"@id\":\"https:\\\/\\\/www.globalafricasciences.org\\\/fr\\\/#\\\/schema\\\/logo\\\/image\\\/\",\"url\":\"https:\\\/\\\/www.globalafricasciences.org\\\/wp-content\\\/uploads\\\/2024\\\/12\\\/Globalafrica.png\",\"contentUrl\":\"https:\\\/\\\/www.globalafricasciences.org\\\/wp-content\\\/uploads\\\/2024\\\/12\\\/Globalafrica.png\",\"width\":1680,\"height\":750,\"caption\":\"Global Africa\"},\"image\":{\"@id\":\"https:\\\/\\\/www.globalafricasciences.org\\\/fr\\\/#\\\/schema\\\/logo\\\/image\\\/\"},\"sameAs\":[\"https:\\\/\\\/www.facebook.com\\\/globalafricasciences\"]}]}<\/script>\n<!-- \/ Yoast SEO plugin. -->","yoast_head_json":{"title":"La CEA b\u00e2tit les bases d\u2019une \u00e9conomie num\u00e9rique africaine cr\u00e9atrice d\u2019innovations | Global Africa","robots":{"index":"index","follow":"follow","max-snippet":"max-snippet:-1","max-image-preview":"max-image-preview:large","max-video-preview":"max-video-preview:-1"},"canonical":"https:\/\/www.globalafricasciences.org\/fr\/issues\/numero-8\/the-eca-is-laying-the-foundations-for-an-african-digital-economy-that-drives-innovations\/","og_locale":"fr_FR","og_type":"article","og_title":"La CEA b\u00e2tit les bases d\u2019une \u00e9conomie num\u00e9rique africaine cr\u00e9atrice d\u2019innovations | Global Africa","og_description":"Ibrahima Kane et Mame-Penda Ba&nbsp;: Cher M.&nbsp;Seck, nous sommes tr\u00e8s heureux de vous accueillir dans le cadre du num\u00e9ro sp\u00e9cial que la revue Global Africa consacre \u00e0 l\u2019\u00e9conomie num\u00e9rique en Afrique. C\u2019est un honneur de vous compter parmi nos contributeurs, en qualit\u00e9 d\u2019expert \u0153uvrant au sein des Nations unies. Votre parcours exceptionnel en tant que chercheur avec de nombreuses distinctions, dont la derni\u00e8re en date est le prix ICT, renforce encore notre enthousiasme. Pourriez-vous vous pr\u00e9senter \u00e0 nos lecteurs&nbsp;? Mactar Seck&nbsp;: Merci beaucoup de m\u2019avoir invit\u00e9 \u00e0 cet entretien. Je suis sp\u00e9cialiste des technologies num\u00e9riques et de l\u2019innovation, avec plus de vingt ans d\u2019exp\u00e9rience dans des domaines tels que les t\u00e9l\u00e9communications, les TIC pour le d\u00e9veloppement (ICT4D), l\u2019\u00e9conomie num\u00e9rique, l\u2019identit\u00e9 num\u00e9rique, et les sciences et technologies de l\u2019innovation (STI). Mon travail s\u2019\u00e9tend \u00e0 des secteurs vari\u00e9s, allant de la strat\u00e9gie des politiques num\u00e9riques et des cadres r\u00e9glementaires \u00e0 des technologies avanc\u00e9es comme l\u2019Internet des objets (IOT), les services en nuage, l\u2019intelligence artificielle, les syst\u00e8mes de paiement num\u00e9rique et les infrastructures num\u00e9riques. Actuellement, je dirige la section Technologie et Innovation de la Commission \u00e9conomique des Nations unies pour l\u2019Afrique (CEA) et je coordonne le Centre d\u2019excellence num\u00e9rique sur l\u2019identit\u00e9 num\u00e9rique, le commerce num\u00e9rique et l\u2019\u00e9conomie num\u00e9rique. \u00c0&nbsp;ce titre, j\u2019ai le privil\u00e8ge d\u2019accompagner plusieurs pays africains ainsi que des organisations internationales et r\u00e9gionales dans la conception, la mise en \u0153uvre et l\u2019\u00e9valuation de leurs politiques et strat\u00e9gies num\u00e9riques pour acc\u00e9l\u00e9rer la r\u00e9alisation des objectifs de d\u00e9veloppement durable (ODD). Je suis \u00e9galement le point focal de la CEA pour le Sommet mondial sur la soci\u00e9t\u00e9 de l\u2019information (SMSI) et le Forum sur la gouvernance de l\u2019Internet. Avant de rejoindre la CEA, j\u2019ai exerc\u00e9 plusieurs fonctions importantes au S\u00e9n\u00e9gal, notamment comme directeur g\u00e9n\u00e9ral de l\u2019Autorit\u00e9 de r\u00e9gulation des t\u00e9l\u00e9communications, secr\u00e9taire ex\u00e9cutif du Conseil sup\u00e9rieur de l\u2019industrie du S\u00e9n\u00e9gal, et chef de la division des t\u00e9l\u00e9services et de l\u2019innovation \u00e0 Sonatel. En tant que chercheur principal au sein du groupe TDF C2R de France T\u00e9l\u00e9com, j\u2019ai \u00e9galement obtenu un brevet europ\u00e9en sur les syst\u00e8mes de compression de donn\u00e9es et d\u2019images. En 1996, j\u2019ai eu l\u2019honneur de recevoir le Grand Prix du pr\u00e9sident de la R\u00e9publique du S\u00e9n\u00e9gal pour les Sciences et l\u2019Innovation. Je suis membre de l\u2019Acad\u00e9mie s\u00e9n\u00e9galaise des sciences et techniques. Ibrahima Kane et Mame-Penda Ba&nbsp;: Pourriez-vous nous pr\u00e9senter en quelques mots la CEA, cette commission des Nations unies d\u00e9di\u00e9e sp\u00e9cifiquement au continent, et nous expliquer comment la CEA soutient l\u2019Afrique dans le domaine du d\u00e9veloppement \u00e9conomique et social&nbsp;? Mactar Seck&nbsp;: La CEA, la Commission \u00e9conomique des Nations unies pour l\u2019Afrique, fait partie du Secr\u00e9tariat g\u00e9n\u00e9ral des Nations unies. Elle est l\u2019une des cinq commissions r\u00e9gionales des Nations unies, chacune \u00e9tant d\u00e9di\u00e9e \u00e0 un continent. La CEA se concentre sur l\u2019Afrique et son r\u00f4le est de soutenir le d\u00e9veloppement socio-\u00e9conomique des pays. Nous intervenons dans de nombreux domaines au sein de la commission. Nous abordons des questions li\u00e9es au d\u00e9veloppement \u00e9conomique et social, \u00e0 la macro\u00e9conomie, au num\u00e9rique, un secteur essentiel pour le d\u00e9veloppement comme vous l\u2019avez si justement mentionn\u00e9 dans ce num\u00e9ro. Nous travaillons aussi sur les questions li\u00e9es \u00e0 l\u2019\u00e9ducation, l\u2019int\u00e9gration r\u00e9gionale, aux statistiques, ainsi que sur les enjeux environnementaux et le changement climatique. Nous nous engageons \u00e9galement sur le renforcement des capacit\u00e9s \u00e0 travers l\u2019Institut africain de d\u00e9veloppement \u00e9conomique et de planification (IDEP), situ\u00e9 \u00e0 Dakar. La CEA soutient l\u2019Union africaine, ainsi que ses \u00c9tats membres. En un sens, nous sommes un think tank, car de nombreuses politiques mises en \u0153uvre ou adopt\u00e9es par l\u2019Union africaine sont initi\u00e9es ou fortement soutenues par la CEA. Elle accompagne l\u2019Union africaine dans le d\u00e9veloppement et la mise en \u0153uvre de nombreuses politiques \u00e0 l\u2019\u00e9chelle continentale. Par exemple, nous sommes impliqu\u00e9s dans des initiatives telles que la ZLECAf, la transformation num\u00e9rique et le commerce. La CEA est compos\u00e9e de cinq bureaux sous-r\u00e9gionaux, chacun d\u00e9di\u00e9 \u00e0 une r\u00e9gion sp\u00e9cifique du continent africain&nbsp;: en Afrique centrale \u00e0 Yaound\u00e9, en Afrique de l\u2019Ouest \u00e0 Niamey, en Afrique du Nord \u00e0 Rabat, en Afrique australe \u00e0 Lusaka, et en Afrique de l\u2019Est \u00e0 Kigali, au Rwanda. Le si\u00e8ge de la commission se trouve en Ethiopie. Ibrahima Kane et Mame-Penda Ba&nbsp;: La CEA a une particularit\u00e9 remarquable&nbsp;: elle est l\u2019organisation qui a accueilli, en son si\u00e8ge \u00e0 Addis-Abeba, la premi\u00e8re r\u00e9union ayant conduit \u00e0 la cr\u00e9ation de l\u2019Organisation de l\u2019unit\u00e9 africaine (OUA). Cela t\u00e9moigne des liens \u00e9troits qui unissent les deux institutions, la CEA ayant contribu\u00e9 \u00e0 la naissance m\u00eame de cette organisation en 1963, devenue par la suite l\u2019Union africaine en 2002. Mactar Seck&nbsp;: Oui, il s\u2019agit d\u2019une union sacr\u00e9e qui perdure depuis des d\u00e9cennies, remontant aux p\u00e8res fondateurs de l\u2019ind\u00e9pendance africaine. R\u00e9cemment, en novembre&nbsp;2024, nous avons inaugur\u00e9 Africa Hall, qui a \u00e9t\u00e9 r\u00e9nov\u00e9. C\u2019est l\u00e0 que les premiers dirigeants africains se sont r\u00e9unis pour fonder l\u2019Union africaine, anciennement l\u2019OUA. Nous avons \u00e9galement eu l\u2019honneur d\u2019organiser, en novembre 2024, une rencontre sur la gouvernance de l\u2019Internet dans cette m\u00eame salle, un \u00e9v\u00e9nement marquant qui nous a permis de raviver la m\u00e9moire de ces moments historiques. Ibrahima Kane et Mame-Penda Ba&nbsp;: Plus de soixante ans de vie commune, plus de soixante ans d\u2019appui \u00e0 l\u2019Afrique. Aujourd\u2019hui, si vous deviez faire un bilan, dans quels domaines particuliers pourriez-vous dire qu\u2019il y a vraiment eu un progr\u00e8s avec l\u2019Union africaine&nbsp;? Mactar Seck&nbsp;: Je pense que des progr\u00e8s ont \u00e9t\u00e9 r\u00e9alis\u00e9s dans tous les domaines sociaux et \u00e9conomiques. Si l\u2019on compare avec les ann\u00e9es des ind\u00e9pendances, on observe une croissance notable du PIB dans de nombreux pays africains. Sur le plan \u00e9ducatif, il est \u00e9galement \u00e9vident que le syst\u00e8me s\u2019est consid\u00e9rablement d\u00e9velopp\u00e9 \u00e0 l\u2019\u00e9chelle du continent. Sur les plans \u00e9conomique, social et technologique, des avanc\u00e9es significatives ont \u00e9t\u00e9 enregistr\u00e9es. En ce qui concerne la technologie, qui est mon domaine, je peux affirmer qu\u2019il y a eu des progr\u00e8s notables depuis les ann\u00e9es d\u2019ind\u00e9pendance jusqu\u2019\u00e0 aujourd\u2019hui. Certes des d\u00e9fis subsistent, mais le continent africain continue de progresser sur le plan technologique. Ibrahima Kane et Mame-Penda Ba&nbsp;: Vous avez parl\u00e9 des technologies. Aujourd\u2019hui, l\u2019Afrique","og_url":"https:\/\/www.globalafricasciences.org\/fr\/issues\/numero-8\/the-eca-is-laying-the-foundations-for-an-african-digital-economy-that-drives-innovations\/","og_site_name":"Global Africa","article_publisher":"https:\/\/www.facebook.com\/globalafricasciences","article_modified_time":"2026-04-29T16:25:44+00:00","og_image":[{"width":597,"height":843,"url":"https:\/\/www.globalafricasciences.org\/wp-content\/uploads\/2025\/03\/La-CEA-.webp","type":"image\/png"}],"twitter_card":"summary_large_image","twitter_misc":{"Dur\u00e9e de lecture estim\u00e9e":"17 minutes"},"schema":{"@context":"https:\/\/schema.org","@graph":[{"@type":"WebPage","@id":"https:\/\/www.globalafricasciences.org\/fr\/issues\/numero-8\/the-eca-is-laying-the-foundations-for-an-african-digital-economy-that-drives-innovations\/","url":"https:\/\/www.globalafricasciences.org\/fr\/issues\/numero-8\/the-eca-is-laying-the-foundations-for-an-african-digital-economy-that-drives-innovations\/","name":"La CEA b\u00e2tit les bases d\u2019une \u00e9conomie num\u00e9rique africaine cr\u00e9atrice d\u2019innovations | Global Africa","isPartOf":{"@id":"https:\/\/www.globalafricasciences.org\/fr\/#website"},"primaryImageOfPage":{"@id":"https:\/\/www.globalafricasciences.org\/fr\/issues\/numero-8\/the-eca-is-laying-the-foundations-for-an-african-digital-economy-that-drives-innovations\/#primaryimage"},"image":{"@id":"https:\/\/www.globalafricasciences.org\/fr\/issues\/numero-8\/the-eca-is-laying-the-foundations-for-an-african-digital-economy-that-drives-innovations\/#primaryimage"},"thumbnailUrl":"https:\/\/www.globalafricasciences.org\/wp-content\/uploads\/2025\/03\/La-CEA-.webp","datePublished":"2024-12-20T09:58:34+00:00","dateModified":"2026-04-29T16:25:44+00:00","breadcrumb":{"@id":"https:\/\/www.globalafricasciences.org\/fr\/issues\/numero-8\/the-eca-is-laying-the-foundations-for-an-african-digital-economy-that-drives-innovations\/#breadcrumb"},"inLanguage":"fr-FR","potentialAction":[{"@type":"ReadAction","target":["https:\/\/www.globalafricasciences.org\/fr\/issues\/numero-8\/the-eca-is-laying-the-foundations-for-an-african-digital-economy-that-drives-innovations\/"]}]},{"@type":"ImageObject","inLanguage":"fr-FR","@id":"https:\/\/www.globalafricasciences.org\/fr\/issues\/numero-8\/the-eca-is-laying-the-foundations-for-an-african-digital-economy-that-drives-innovations\/#primaryimage","url":"https:\/\/www.globalafricasciences.org\/wp-content\/uploads\/2025\/03\/La-CEA-.webp","contentUrl":"https:\/\/www.globalafricasciences.org\/wp-content\/uploads\/2025\/03\/La-CEA-.webp","width":597,"height":843},{"@type":"BreadcrumbList","@id":"https:\/\/www.globalafricasciences.org\/fr\/issues\/numero-8\/the-eca-is-laying-the-foundations-for-an-african-digital-economy-that-drives-innovations\/#breadcrumb","itemListElement":[{"@type":"ListItem","position":1,"name":"Home","item":"https:\/\/www.globalafricasciences.org\/fr\/accueil\/"},{"@type":"ListItem","position":2,"name":"Series issues","item":"https:\/\/www.globalafricasciences.org\/fr\/series-issues\/"},{"@type":"ListItem","position":3,"name":"La CEA b\u00e2tit les bases d\u2019une \u00e9conomie num\u00e9rique africaine cr\u00e9atrice d\u2019innovations"}]},{"@type":"WebSite","@id":"https:\/\/www.globalafricasciences.org\/fr\/#website","url":"https:\/\/www.globalafricasciences.org\/fr\/","name":"Global Africa","description":"Pan-African Scientific Journal","publisher":{"@id":"https:\/\/www.globalafricasciences.org\/fr\/#organization"},"potentialAction":[{"@type":"SearchAction","target":{"@type":"EntryPoint","urlTemplate":"https:\/\/www.globalafricasciences.org\/fr\/?s={search_term_string}"},"query-input":{"@type":"PropertyValueSpecification","valueRequired":true,"valueName":"search_term_string"}}],"inLanguage":"fr-FR"},{"@type":"Organization","@id":"https:\/\/www.globalafricasciences.org\/fr\/#organization","name":"Global Africa","url":"https:\/\/www.globalafricasciences.org\/fr\/","logo":{"@type":"ImageObject","inLanguage":"fr-FR","@id":"https:\/\/www.globalafricasciences.org\/fr\/#\/schema\/logo\/image\/","url":"https:\/\/www.globalafricasciences.org\/wp-content\/uploads\/2024\/12\/Globalafrica.png","contentUrl":"https:\/\/www.globalafricasciences.org\/wp-content\/uploads\/2024\/12\/Globalafrica.png","width":1680,"height":750,"caption":"Global Africa"},"image":{"@id":"https:\/\/www.globalafricasciences.org\/fr\/#\/schema\/logo\/image\/"},"sameAs":["https:\/\/www.facebook.com\/globalafricasciences"]}]}},"acf":[],"_links":{"self":[{"href":"https:\/\/www.globalafricasciences.org\/fr\/wp-json\/wp\/v2\/series-issues\/25605","targetHints":{"allow":["GET"]}}],"collection":[{"href":"https:\/\/www.globalafricasciences.org\/fr\/wp-json\/wp\/v2\/series-issues"}],"about":[{"href":"https:\/\/www.globalafricasciences.org\/fr\/wp-json\/wp\/v2\/types\/series-issues"}],"author":[{"embeddable":true,"href":"https:\/\/www.globalafricasciences.org\/fr\/wp-json\/wp\/v2\/users\/3"}],"wp:featuredmedia":[{"embeddable":true,"href":"https:\/\/www.globalafricasciences.org\/fr\/wp-json\/wp\/v2\/media\/9643"}],"wp:attachment":[{"href":"https:\/\/www.globalafricasciences.org\/fr\/wp-json\/wp\/v2\/media?parent=25605"}],"wp:term":[{"taxonomy":"series-categories","embeddable":true,"href":"https:\/\/www.globalafricasciences.org\/fr\/wp-json\/wp\/v2\/series-categories?post=25605"},{"taxonomy":"cat-articles","embeddable":true,"href":"https:\/\/www.globalafricasciences.org\/fr\/wp-json\/wp\/v2\/cat-articles?post=25605"},{"taxonomy":"keywords","embeddable":true,"href":"https:\/\/www.globalafricasciences.org\/fr\/wp-json\/wp\/v2\/keywords?post=25605"},{"taxonomy":"author","embeddable":true,"href":"https:\/\/www.globalafricasciences.org\/fr\/wp-json\/wp\/v2\/ppma_author?post=25605"}],"curies":[{"name":"wp","href":"https:\/\/api.w.org\/{rel}","templated":true}]}}