{"version":"1.0","provider_name":"Global Africa","provider_url":"https:\/\/www.globalafricasciences.org\/fr\/","author_name":"Mame-Penda Ba","author_url":"https:\/\/www.globalafricasciences.org\/author\/prmamependaba-2\/","title":"Dak\u2019Art, une d\u00e9ambulation dans la cr\u00e9ativit\u00e9 africaine | Global Africa","type":"rich","width":600,"height":338,"html":"<blockquote class=\"wp-embedded-content\" data-secret=\"2g6u4MVUYe\"><a href=\"https:\/\/www.globalafricasciences.org\/fr\/issues\/numero-8\/dakart-a-stroll-through-african-creativity\/\">Dak\u2019Art, une d\u00e9ambulation dans la cr\u00e9ativit\u00e9 africaine<\/a><\/blockquote><iframe sandbox=\"allow-scripts\" security=\"restricted\" src=\"https:\/\/www.globalafricasciences.org\/fr\/issues\/numero-8\/dakart-a-stroll-through-african-creativity\/embed\/#?secret=2g6u4MVUYe\" width=\"600\" height=\"338\" title=\"\u00ab\u00a0Dak\u2019Art, une d\u00e9ambulation dans la cr\u00e9ativit\u00e9 africaine\u00a0\u00bb &#8212; Global Africa\" data-secret=\"2g6u4MVUYe\" frameborder=\"0\" marginwidth=\"0\" marginheight=\"0\" scrolling=\"no\" class=\"wp-embedded-content\"><\/iframe><script>\n\/*! This file is auto-generated *\/\n!function(d,l){\"use strict\";l.querySelector&&d.addEventListener&&\"undefined\"!=typeof URL&&(d.wp=d.wp||{},d.wp.receiveEmbedMessage||(d.wp.receiveEmbedMessage=function(e){var t=e.data;if((t||t.secret||t.message||t.value)&&!\/[^a-zA-Z0-9]\/.test(t.secret)){for(var s,r,n,a=l.querySelectorAll('iframe[data-secret=\"'+t.secret+'\"]'),o=l.querySelectorAll('blockquote[data-secret=\"'+t.secret+'\"]'),c=new RegExp(\"^https?:$\",\"i\"),i=0;i<o.length;i++)o[i].style.display=\"none\";for(i=0;i<a.length;i++)s=a[i],e.source===s.contentWindow&&(s.removeAttribute(\"style\"),\"height\"===t.message?(1e3<(r=parseInt(t.value,10))?r=1e3:~~r<200&&(r=200),s.height=r):\"link\"===t.message&&(r=new URL(s.getAttribute(\"src\")),n=new URL(t.value),c.test(n.protocol))&&n.host===r.host&&l.activeElement===s&&(d.top.location.href=t.value))}},d.addEventListener(\"message\",d.wp.receiveEmbedMessage,!1),l.addEventListener(\"DOMContentLoaded\",function(){for(var e,t,s=l.querySelectorAll(\"iframe.wp-embedded-content\"),r=0;r<s.length;r++)(t=(e=s[r]).getAttribute(\"data-secret\"))||(t=Math.random().toString(36).substring(2,12),e.src+=\"#?secret=\"+t,e.setAttribute(\"data-secret\",t)),e.contentWindow.postMessage({message:\"ready\",secret:t},\"*\")},!1)))}(window,document);\n\/\/# sourceURL=https:\/\/www.globalafricasciences.org\/wp-includes\/js\/wp-embed.min.js\n<\/script>\n","thumbnail_url":"https:\/\/www.globalafricasciences.org\/wp-content\/uploads\/2025\/03\/Economie-numerique-en-Afrique-.webp","thumbnail_width":597,"thumbnail_height":843,"description":"La quinzi\u00e8me \u00e9dition de la d\u00e9sormais c\u00e9l\u00e8bre biennale de l\u2019art africain contemporain, Dak\u2019Art (07 novembre au 07 d\u00e9cembre 2024) a fini de r\u00e9concilier l\u2019Art avec les habitants de Dakar,&nbsp;&nbsp;&nbsp;&nbsp; &nbsp;dans toute leur&nbsp;&nbsp;&nbsp;&nbsp; &nbsp;diversit\u00e9.&nbsp; \u00c0 chaque \u00e9dition, Dakar se transforme un peu plus en ville-mus\u00e9e, ville-monde o\u00f9 le talent et la cr\u00e9ativit\u00e9 s\u2019exposent, s\u2019\u00e9panouissent, se donnent en vedettes. Chaque passage dans une galerie, une rue, une esplanade ou dans un caf\u00e9 d\u00e9voile des \u0153uvres uniques et fait r\u00e9sonner des vibrations qui d\u00e9crivent une Afrique en perp\u00e9tuel mouvement. Dak\u2019Art est un des lieux symboles de rencontre des talents du continent africain, de sa Diaspora et du monde. Chaque r\u00e9alisation, qu\u2019il s\u2019agisse d\u2019un tableau, d\u2019une repr\u00e9sentation ou d\u2019une installation, raconte une histoire originale. Les th\u00e9matiques abord\u00e9es par les artistes explorent aussi bien la r\u00e9silience, l\u2019h\u00e9ritage, les d\u00e9fis plan\u00e9taires que l\u2019histoire tout en r\u00e9adaptant mat\u00e9riaux et techniques. Intitul\u00e9e \u00ab&nbsp;The Wake, l\u2019\u00c9veil, X\u00e0ll wi&nbsp;\u00bb, selon, la directrice artistique de l\u2019\u00e9v\u00e8nement, Salimata Diop : La th\u00e9matique de la quinzi\u00e8me \u00e9dition de la Biennale de Dakar s\u2019inscrit dans une continuit\u00e9, un courant inarr\u00eatable qui embrasse un ensemble de temporalit\u00e9s : il s\u2019agit de lier le pass\u00e9 et l\u2019avenir en leur conf\u00e9rant une importance \u00e9gale. Elle est partiellement inspir\u00e9e de l\u2019ouvrage In the Wake: On Blackness and Black Being[1] de la professeure Christina Sharpe qui examine la condition noire, ses repr\u00e9sentations litt\u00e9raires, visuelles et artistiques, en rapport avec les notions d\u2019exhumation, de deuil et d\u2019arrachement. On naviguera au fil de ce qu\u2019\u00e9voque le terme wake (\u00e9veil, sillage, veill\u00e9e mortuaire, gindiku[2]), qui d\u00e9ploie un riche \u00e9ventail s\u00e9mantique offrant finalement un pont culturel et m\u00e9taphorique entre art et soci\u00e9t\u00e9.[3] Se promener \u00e0 Dakar durant le Dak\u2019Art c\u2019est prendre soin de soi, s\u2019octroyer une immersion \u00e9motionnelle unique, se d\u00e9tacher des gadgets et lire, regarder, \u00e9couter, des couleurs, des formes saisissantes, des mati\u00e8res, des pamphlets. Si les artefacts \u00e9merveillent, les discussions avec les artistes et les visiteurs font de chaque visite une exp\u00e9rience de rencontre m\u00e9morable. L\u2019\u00e9quipe \u00e9ditoriale de Global Africa a souhait\u00e9 partager avec ses lecteurs cette d\u00e9ambulation exaltante, surprenante, \u00e9mouvante que repr\u00e9sente la biennale. Ce fil iconographique a tent\u00e9 de capturer ces instants, o\u00f9 l\u2019art fait vibrer. Ces photographies, prises au fil de la d\u00e9couverte des galeries et des expositions, immortalisent l\u2019intensit\u00e9 des \u0153uvres, la finesse des d\u00e9tails avec cette lumi\u00e8re unique, singuli\u00e8re \u00e0 Dakar, cette ville complice des artistes. [1] Christina Sharpe, In the Wake: On Blackness and Black Being, 2016. [2] Terme wolof signifiant le chemin. [3] https:\/\/biennaledakar.org\/wp-content\/uploads\/2023\/08\/note-conceptuelle-bis-VF-FR.pdf"}